{"id":6252,"date":"2025-01-12T20:32:21","date_gmt":"2025-01-12T19:32:21","guid":{"rendered":"https:\/\/thomaslichtenecker.com\/?page_id=6252"},"modified":"2025-01-25T17:41:26","modified_gmt":"2025-01-25T16:41:26","slug":"kritiken","status":"publish","type":"page","link":"https:\/\/thomaslichtenecker.com\/de\/kritiken\/","title":{"rendered":"Kritiken"},"content":{"rendered":"<div class=\"fusion-fullwidth fullwidth-box fusion-builder-row-1 fusion-flex-container has-pattern-background has-mask-background nonhundred-percent-fullwidth non-hundred-percent-height-scrolling\" style=\"--awb-border-radius-top-left:0px;--awb-border-radius-top-right:0px;--awb-border-radius-bottom-right:0px;--awb-border-radius-bottom-left:0px;--awb-padding-top:30px;--awb-padding-bottom:50px;--awb-padding-top-small:30px;--awb-padding-bottom-small:50px;--awb-background-color:var(--awb-color1);--awb-flex-wrap:wrap;\" ><div class=\"fusion-builder-row fusion-row fusion-flex-align-items-flex-start fusion-flex-content-wrap\" style=\"max-width:1248px;margin-left: calc(-4% \/ 2 );margin-right: calc(-4% \/ 2 );\"><div class=\"fusion-layout-column fusion_builder_column fusion-builder-column-0 fusion_builder_column_1_1 1_1 fusion-flex-column\" style=\"--awb-bg-size:cover;--awb-width-large:100%;--awb-margin-top-large:0px;--awb-spacing-right-large:1.92%;--awb-margin-bottom-large:0px;--awb-spacing-left-large:1.92%;--awb-width-medium:100%;--awb-order-medium:0;--awb-spacing-right-medium:1.92%;--awb-spacing-left-medium:1.92%;--awb-width-small:100%;--awb-order-small:0;--awb-spacing-right-small:1.92%;--awb-spacing-left-small:1.92%;\"><div class=\"fusion-column-wrapper fusion-column-has-shadow fusion-flex-justify-content-flex-start fusion-content-layout-column\"><div class=\"fusion-title title fusion-title-1 fusion-sep-none fusion-title-text fusion-title-size-two fusion-animated\" style=\"--awb-margin-bottom:30px;--awb-margin-top-small:0px;--awb-margin-right-small:0px;--awb-margin-bottom-small:30px;--awb-margin-left-small:0px;--awb-font-size:var(--awb-typography1-font-size);\" data-animationType=\"fadeInLeft\" data-animationDuration=\"0.3\" data-animationOffset=\"top-into-view\"><h2 class=\"fusion-title-heading title-heading-left fusion-responsive-typography-calculated\" style=\"font-family:var(--awb-typography1-font-family);font-weight:var(--awb-typography1-font-weight);font-style:var(--awb-typography1-font-style);margin:0;letter-spacing:var(--awb-typography1-letter-spacing);text-transform:var(--awb-typography1-text-transform);font-size:1em;--fontSize:36;line-height:var(--awb-typography1-line-height);\"><mark class=\"fusion-highlight custom-textcolor highlight1 awb-highlight-marker\" style=\"--awb-color:var(--awb-color4);--awb-text-color:var(--awb-color8);\">Kritiken<\/mark><\/h2><\/div><div class=\"fusion-text fusion-text-1 kritikentext\" style=\"--awb-font-size:var(--awb-typography4-font-size);--awb-line-height:var(--awb-typography4-line-height);--awb-letter-spacing:var(--awb-typography4-letter-spacing);--awb-text-transform:var(--awb-typography4-text-transform);--awb-text-font-family:var(--awb-typography4-font-family);--awb-text-font-weight:var(--awb-typography4-font-weight);--awb-text-font-style:var(--awb-typography4-font-style);\"><p><strong>N\u00d6N \u2013 &#8222;Haydn-Konzert&#8220;<\/strong><\/p>\n<blockquote><p>[\u2026] Ein besonderer Reiz dieses Serenadenkonzertes war freilich Lichteneckers Gesangsstimme als international gefragter Countertenor. Lichtenecker beherrscht die Countertenor-Technik nicht nur perfekt. Er zog das Publikum vor allem auch mit seinen einf\u00fchlsamen Interpretationen in den Bann. Noch einmal intonierte Lichtenecker das Lied \u201eDas Leben ist ein Traum\u201c und lie\u00df den Zuh\u00f6rern den Atem stocken. Nur selten wirft eine Interpretation dieses Liedes so deutlich die Frage auf: Ist dieses Leben ein Traum, weil es so sch\u00f6n ist, oder ist es nicht mehr als ein fl\u00fcchtiger Traum? [\u2026]<\/p><\/blockquote>\n<p><strong>APA \u2013 \u201eHiob\u201c<\/strong><\/p>\n<blockquote><p>[\u2026] Die stimmdeutlich singenden Darsteller sind durchwegs beeindruckend, allen voran der Countertenor Thomas Lichtenecker als Menuchim [\u2026]<\/p><\/blockquote>\n<p><strong>Kleine Zeitung \u2013 \u201eHiob\u201c<\/strong><\/p>\n<blockquote><p>[\u2026] Einfach ph\u00e4nomenal erlebt man den Countertenor Thomas Lichtenecker als beeintr\u00e4chtigten Sohn Menuchim. [\u2026]<\/p><\/blockquote>\n<p><strong><a href=\"https:\/\/bachtrack.com\/de_DE\/kritik-britten-tod-in-venedit-mcvicar-priessnitz-trost-winkler-lichtenecker-cagnin-volksoper-wien-mai-2022\" target=\"_blank\" rel=\"noreferrer noopener\">bachtrack<\/a> \u2013 \u201eTod in Venedig\u201c<\/strong><\/p>\n<blockquote><p>[\u2026] In die Riege der Glanzleistungen reiht sich Countertenor Thomas Lichtenecker als Apoll ein; mit hell timbrierter und sauber gef\u00fchrter Stimme vermittelt er glaubhaft das apollonische Prinzip [\u2026]<\/p><\/blockquote>\n<p><strong><a href=\"https:\/\/onlinemerker.com\/wien-museumsquartier-halle-e-der-reigen-von-bernhard-lang-nach-schnitzler-wiener-erstauffuehrung\/\" target=\"_blank\" rel=\"noopener\">Online Merker<\/a> \u2013 \u201eDer Reigen\u201c<\/strong><\/p>\n<blockquote><p>[\u2026] Zwischen den Geschlechtern durfte der Countertenor Thomas Lichtenecker changieren. Als\u201ejunger Mann\u201cwar er in der Szene mit der Ehefrau glaubw\u00fcrdiger, da er hier eher mit der Sprechstimme spielen konnte. Exzellent setzte er hier eine Art eloquenter jungm\u00e4nnlicher Beleidigtheit ein. In der Szene mit dem Hausm\u00e4dchen (Marie), nochmals Anita Giovanna Rosati, lie\u00df ihn Bernhard Lang nur wenig mit der Modalstimme singen, und dann stimmten Optik und Falsett nicht so recht zusammen. Daf\u00fcr war die \u201eSchauspielerin\u201c Pauline durch seine Verk\u00f6rperung eine echte Wucht! Zusammen mit dem Autor Kaimbacher ein begeisterndes Lehrspiel schr\u00e4g-absurden Theaters voll \u201ehilfloser\u201c Komik \u2026 [\u2026]<\/p><\/blockquote>\n<p><strong><a href=\"http:\/\/www.mottingers-meinung.at\/?p=36070\" target=\"_blank\" rel=\"noopener\">Mottingers-Meinung<\/a> \u2013 \u201eDer Reigen\u201c<\/strong><\/p>\n<blockquote><p>[\u2026] nur \u00fcbertroffen von Thomas Lichtenecker [\u2026] Dem Countertenor kommt nach Bernhard Langs Wille n\u00e4mlich die Aufgabe zu, zwischen den Geschlechtern zu pendeln. Lichtenecker gibt den jungen Mann mit einer ordentlichen Portion upperclassiger Verzogenheit \u2013 und mit Rosati als herrenreitendem Hausm\u00e4dchen \u2013 und mit Bravour die Schauspielerin. Eine zwischen schrill und s\u00fc\u00dflich changierende Diva, unduldsam im Wellnessurlaub mit dem mittlerweile ungeliebten Autor, dann, weil mit dem immerhin finanziell potentem Privatier in der Theatergarderobe, eine kokette Kokotte \u2013 beide Episoden von der die Handlung gnadenlos ironisierenden Liedtke als jene groteske Kom\u00f6die entworfen, als die Schnitzler seinen \u201eReigen\u201c so gerne gestalten wollte, das Genderspiel auf die Spitze getrieben, die Boy-Actor-Assoziation perfekt, sobald Lichtenecker seine nackte M\u00e4nnerbrust aus dem elisabethanischen Mieder sch\u00e4lt. [\u2026]<\/p><\/blockquote>\n<p><strong>welt \u2013 \u201c Love, you son of a bitch\u201c<\/strong><\/p>\n<blockquote><p>[\u2026] man sch\u00e4tzt den eleganten und klangsch\u00f6nen Countertenor von Thomas Lichtenecker. [\u2026]<\/p><\/blockquote>\n<p><strong>nmz \u2013 \u201eLove, you son of a bitch\u201c<\/strong><\/p>\n<blockquote><p>[\u2026] So klingt die Sopranistin Lore Binon arg beliebig, der Countertenor Thomas Lichtenecker, obgleich als extrem indisponiert angek\u00fcndigt, durchaus angenehm und zeugt von einer gesunden Stimmf\u00fchrung\u00a0[\u2026]<\/p><\/blockquote>\n<p><strong><a href=\"https:\/\/www.sueddeutsche.de\/kultur\/kurzkritik-zauberhaft-1.4580061\" target=\"_blank\" rel=\"noopener\">S\u00fcddeutsche Zeitung<\/a> \u2013 \u201eDas Gespenst von Canterville\u201c<\/strong><\/p>\n<blockquote><p>[\u2026] Seinen H\u00f6hepunkt erreicht das im zweiten Akt. Thomas Lichteneckers pr\u00e4zise timbrierter Countertenor entfaltet bei Henry Purcells Hymne an die Einsamkeit im Duett mit Flore van Meerssche eine innere Leuchtkraft, dass man beinahe versucht ist, wieder an Gespenster zu\u00a0glauben. [\u2026]<\/p><\/blockquote>\n<p><strong>OVB \u2013 \u201eDas Gespenst von Canterville\u201c<\/strong><\/p>\n<blockquote><p>[\u2026] Dass man als Kontrast zu diesen unterhaltsamen Eskapaden das Tempo im zweiten \u201edunklen Teil\u201c bewusst herausnimmt, h\u00e4tte nach hinten losgehen k\u00f6nnen. Doch da schl\u00e4gt die gro\u00dfe Stunde von Titelheld Thomas Lichtenecker, dessen Stimme sich harmonisch mit dem klar gef\u00fchrten Sopran von Flore van Meerssche vereint, die als unschuldige Virginia seiner gequ\u00e4lten Seele Erl\u00f6sung bringt. Lichtenecker l\u00e4sst in den melancholischen Ges\u00e4ngen des umherirrenden Sir Simon selbst bei tiefster Resignation immer noch einen Funken Hoffnung mitschwingen und seinen angenehm timbrierten Countertenor mit perfekter Atemkontrolle geschmeidig durch Purcells weit ausschwingende Phrasen gleiten. [\u2026]<\/p><\/blockquote>\n<p><strong><a href=\"https:\/\/www.pressreader.com\/\" target=\"_blank\" rel=\"noopener\">Abendzeitung<\/a> \u2013 \u201eDas Gespenst von Canterville\u201c<\/strong><\/p>\n<blockquote><p>[\u2026] Thomas Lichtenecker verk\u00f6rpert mit seinem sch\u00f6nen Countertenor, [\u2026] das Gespenst als die lebendigste Gestalt von allen, w\u00fcrdevoll, makaber, vor allem aber zutiefst traurig. [\u2026]<\/p><\/blockquote>\n<p><strong><a href=\"https:\/\/www.suedkurier.de\/ueberregional\/kultur\/Worin-unterscheidet-sich-der-Sex-einer-Prostituierten-von-dem-eines-Ehemanns;art10399,10234378\" target=\"_blank\" rel=\"noopener\">S\u00fcdkurier<\/a> \u2013 \u201eDer Reigen\u201c<\/strong><\/p>\n<blockquote><p>[\u2026] Insbesondere Countertenor Thomas Lichtenecker \u00fcberzeugt. Man muss schon zwei mal hinh\u00f6ren, um die M\u00e4nnerstimme hinter diesem vollt\u00f6nenden Sopran zu erkennen \u2013 genauso so \u00fcberzeugend gibt er auch die transsexuelle Schauspielerin. [\u2026]<img class=\"lazyload\" decoding=\"async\" title=\"Weiterlesen...\" src=\"data:image\/gif;base64,R0lGODlhAQABAAAAACH5BAEKAAEALAAAAAABAAEAAAICTAEAOw==\" data-orig-src=\"http:\/\/www.thomaslichtenecker.com\/wordpress\/wp-includes\/js\/tinymce\/plugins\/wordpress\/img\/trans.gif\" alt=\"\" \/><\/p>\n<\/blockquote>\n<p><strong><a href=\"https:\/\/www.sueddeutsche.de\/kultur\/oper-humor-und-beischlaf-1.4548846\" target=\"_blank\" rel=\"noopener\">S\u00fcddeutsche Zeitung<\/a> \u2013 \u201eDer Reigen\u201c<\/strong><\/p>\n<blockquote><p>[\u2026] Lang schreibt oft nur deklamatorischen Sprechgesang vor, also versteht man den Text. Und er besetzt, nun ja, parit\u00e4tisch: zwei S\u00e4ngerinnen, zwei S\u00e4nger, ein Counter, der zauberhafte Thomas Lichtenecker, der zwischen den Geschlechtern hin und her h\u00fcpft und somit auch eine homoerotische Komponente hereinbringt. [\u2026]<\/p><\/blockquote>\n<p><strong><a href=\"https:\/\/www.sn.at\/kultur\/musik\/stillhang-oper-bei-festspielen-erl-uraufgefuehrt-63232042\" target=\"_blank\" rel=\"noopener\">Salzburger Nachrichten<\/a>\u00a0\u2013 \u201cStillhang\u201d<\/strong><\/p>\n<blockquote><p>[\u2026] W\u00e4hrend Karajan darstellerisch vieles an Verzweiflung, Verlorenheit und Zerrissenheit einbringt, steht musikalisch der junge Wiener Countertenor\u00a0Thomas Lichtenecker\u00a0im Mittelpunkt: Als F\u00e4hnrich Michael von Bene, der in dieser Schar aus anderen Gr\u00fcnden mindestens genauso ein Au\u00dfenseiter ist wie Liesl und bei der Kontrolle durch den Bataillonskommandanten von diesem f\u00e4lschlich f\u00fcr die gesuchte Frau gehalten wird, hat er als einziger klassisch zu nennende Arien und die ber\u00fchrendsten Momente. [\u2026]<\/p><\/blockquote>\n<p><strong>Tiroler Krone \u2013 \u201cStillhang\u201d<\/strong><\/p>\n<blockquote><p>[\u2026] S\u00e4nger und Darsteller sind allesamt stark, allen voran der Wiener Countertenor Thomas Lichtenecker und die b\u00fchnenpr\u00e4sente Isabel Karajan. [\u2026]<\/p><\/blockquote>\n<p><strong><a href=\"https:\/\/hundert11.net\/so2018-turn-of-the-screw\/\" target=\"_blank\" rel=\"noopener\">hundert11.net<\/a> \u2013 \u201cThe Turn of the Screw\u201d<\/strong><\/p>\n<blockquote><p>[\u2026] Dass der Junge Miles, der in seiner Schuluniform an Angus Young von AC\/DC erinnert, \u00fcberdies von einem Countertenor (Thomas Lichtenecker) gesungen wird, ist ein Knaller. Und zwar im f\u00fcr die verklemmte Gouvernante unbehaglich-woll\u00fcstigsten Sinn: Sein mysteri\u00f6ser Ohrwurm\u00a0Malo\u00a0klingt hier nicht engelhaft entr\u00fcckt, sondern physisch kraftvoll und sexuell offensiv. [\u2026]<\/p><\/blockquote>\n<p><strong><a href=\"http:\/\/www.classiquenews.com\/compte-rendu-milan-teatro-alla-scala-le-17-novembre-2017-salvatore-sciarrino-ti-vendo-mi-senti-mi-perdo\/\" target=\"_blank\" rel=\"noopener\">classique news<\/a> \u2013 &#8222;Ti Vedo, Ti Sento, Mi Perdo\u201c<\/strong><\/p>\n<blockquote><p>[\u2026] les serviteurs notamment, sont tous excellents, en particulier Solfetto (l\u2019excellent contre-t\u00e9nor Thomas Lichtenecker) [\u2026]<\/p><\/blockquote>\n<p><strong><a href=\"http:\/\/www.operaclick.com\/recensioni\/teatrale\/milano-teatro-alla-scala-ti-vedo-ti-sento-mi-perdo\" target=\"_blank\" rel=\"noopener\">operaclick<\/a> \u2013 \u201eTi Vedo, Ti Sento, Mi Perdo\u201c<\/strong><\/p>\n<blockquote><p>[\u2026]\u00a0Thomas Lichtenecker, il bravo controtenore Solfetto [\u2026]<\/p><\/blockquote>\n<p><strong><a href=\"https:\/\/operatraveller.com\/2017\/11\/25\/fragments-of-perception-ti-vedo-ti-sento-mi-perdo-at-the-teatro-alla-scala\/\" target=\"_blank\" rel=\"noopener\">operatraveller<\/a> \u2013 \u201eTi Vedo, Ti Sento, Mi Perdo\u201c<\/strong><\/p>\n<blockquote><p>[\u2026]\u00a0I was also impressed by the countertenor Thomas Lichtenecker. He used his voice with great agility from a baritonal bottom to a rounded and healthy middle in a role that allowed him to demonstrate the versatility of his instrument. [\u2026]<\/p><\/blockquote>\n<p><strong><a href=\"http:\/\/www.abendzeitung-muenchen.de\/inhalt.il-mondo-della-luna-der-geprellte-herr-von-gutglauben.b948eabe-559f-4926-a83e-4beca2c79529.html\" target=\"_blank\" rel=\"noopener\">Abend Zeitung<\/a> \u2013 \u201eDie Welt auf dem Mond\u201c<\/strong><\/p>\n<blockquote><p>[\u2026]\u00a0Alle S\u00e4nger \u00fcberzeugen, doch bis auf den wendigen Counter Thomas Lichtenecker als schwedischer Graf ist keiner brillant. [\u2026]<\/p><\/blockquote>\n<p><strong><a href=\"http:\/\/der-neue-merker.eu\/wien-volksoper-die-fuenfte-jahreszeit-ba-rock-oper-ueber-antonio-vivaldi-von-christian-kolonovits-urauffuehrung\" target=\"_blank\" rel=\"noopener\">Online Merker<\/a> \u2013 \u201eVivaldi die f\u00fcnfte Jahreszeit\u201c<\/strong><\/p>\n<blockquote><p>[\u2026]\u00a0Brillant der eitle Kastrat Cafarelli\u00a0 \u2013\u00a0Thomas Lichtenecker [\u2026]<\/p><\/blockquote>\n<p><strong><a href=\"https:\/\/kurier.at\/kultur\/volksoper-superstar-vivaldi-rockt-wieder-wien\/268.078.313\" target=\"_blank\" rel=\"noopener\">Der Kurier<\/a> \u2013 \u201eVivaldi die f\u00fcnfte Jahreszeit\u201c<\/strong><\/p>\n<blockquote><p>[\u2026]\u00a0Ein Ereignis: Thomas Lichtenecker, der als Kastrat Cafarelli mit seinem tollen Countertenor f\u00fcr vokal-akrobatische Furore sorgt. [\u2026]<\/p><\/blockquote>\n<p><strong><a href=\"http:\/\/www.main-echo.de\/ueberregional\/kultur\/art4214,4324929\" target=\"_blank\" rel=\"noopener\">main-echo<\/a> \u2013 \u201eDie Welt auf dem Mond\u201c<\/strong><\/p>\n<blockquote><p>[\u2026] mit dem mit schwedischem Akzent sprechenden Graf Ernst Olaf (herrlich schrill: Publikumsliebling Thomas Lichtenecker) [\u2026]<\/p><\/blockquote>\n<p><strong><a href=\"https:\/\/www.jopera.at\/wp-content\/uploads\/kleine_08_2016_koenigin.jpg\" target=\"_blank\" rel=\"noopener\">Kleine Zeitung<\/a> \u2013 \u201eFledermaus\u201c<\/strong><\/p>\n<blockquote><p>[\u2026] F\u00fcr die sch\u00f6nste \u00dcberraschung des Abends \u2013 stimmlich (wunderbar h\u00f6hensicher) wie darstellerisch \u2013 steht aber zweifellos der Countertenor Thomas Lichtenecker in der Rolle des vom Reichtum gelangweilten Prinzen Orlofsky. [\u2026]<\/p><\/blockquote>\n<p><strong>Opernglas \u2013 \u201eFledermaus\u201c<\/strong><\/p>\n<blockquote><p>[\u2026] ebenso wie der \u00f6sterreichische Countertenor Thomas Lichtenecker, der den Prinzen Orlofsky nicht nur mit kristallenem Timbre sang, sondern \u2013 ausgestattet wie ein exzentrischer Modezar \u2013 auch eine tolle szenische Leistung hinlegte und f\u00fcr dieses Gesamtpaket zu Recht den gr\u00f6\u00dften Applaus erhielt. [\u2026]<\/p><\/blockquote>\n<p><strong><a href=\"http:\/\/www.opernnetz.de\/Seiten\/Aktuelle_Auffuehrungen\/Berlin_Juliette_Coper_160529.html\" target=\"_blank\" rel=\"noopener\">opernnetz<\/a>\u00a0\u2013 \u201eJuliette\u201c<\/strong><\/p>\n<blockquote><p>[\u2026] Aus dem vorz\u00fcglichen Ensemble, das so illustre Namen wie Wolfgang Sch\u00f6ne, Richard Croft und Elsa Dreisig aufweist, macht Thomas Lichtenecker mit seinem butterweichen, geschmeidigen Countertenor nachdr\u00fccklich auf sich aufmerksam. [\u2026] Bravos f\u00fcr Villaz\u00f3n, Ko\u017een\u00e1 und Lichtenecker und insgesamt starker Applaus f\u00fcr eine ambitionierte Opernentdeckung. [\u2026]<\/p><\/blockquote>\n<p><strong><a href=\"https:\/\/bachtrack.com\/de_DE\/review-martinu-julietta-guth-kozena-villazon-barenboim-staatsoper-berlin-may-2016\" target=\"_blank\" rel=\"noopener\">bachtrack<\/a> \u2013 \u201eJuliette\u201c<\/strong><\/p>\n<blockquote><p>[\u2026] Countertenor Thomas Lichtenecker was an audience favourite as the Young Arab. [\u2026]<\/p><\/blockquote>\n<p><strong><a href=\"https:\/\/www.mundoclasico.com\/ed3\/documentos\/28496\/Life-Only-Dreams\" target=\"_blank\" rel=\"noopener\">mundoclasico<\/a> \u2013 \u201eJuliette\u201c<\/strong><\/p>\n<blockquote><p>[\u2026] The two principals were supported by a solid ensemble of singers who came and went, appearing on stage for no more than a few minutes at a time, usually as different characters. Of this group, the arresting countertenor of Thomas Lichtenecker was especially impressive. [\u2026]<\/p><\/blockquote>\n<p><strong><a href=\"http:\/\/www.taz.de\/1\/archiv\/digitaz\/artikel\/?ressort=ku&amp;dig=2014%2F11%2F17%2Fa0067&amp;cHash=407106781f00075d4fd55016e81ed454\" target=\"_blank\" rel=\"noopener\">taz<\/a> \u2013 \u201eThe Turn of the Screw\u201c<\/strong><\/p>\n<blockquote><p>[\u2026] und das brillante S\u00e4ngerensemble beweist neben stimmlichen auch gro\u00dfe darstellerische Qualit\u00e4ten. Es ist ein gro\u00dfartig verst\u00f6render Abend, aus dem einer noch herausragt: der Countertenor Thomas Lichtenecker, der den Jungen Miles in einer wirklich atemberaubenden Mischung aus kindlicher Unschuld und provokanter Verderbtheit singt und spielt. [\u2026]<\/p><\/blockquote>\n<p><strong>S\u00fcdOst-Journal \u2013 \u201eDie Hochzeit des Figaro\u201c<\/strong><\/p>\n<blockquote><p>[\u2026] Mit seinem perfekt sitzenden Countertenor liefert Thomas Lichtenecker eine schauspielerische Glanzleistung bei seinem Deb\u00fct als Cherubino ab. [\u2026]<\/p><\/blockquote>\n<p><strong>Main-Echo \u2013 \u201eDie lustigen Nibelungen\u201c<\/strong><\/p>\n<blockquote><p>[\u2026] So verk\u00f6rpert Thomas Lichtenecker die Rolle der Ute so schl\u00fcprig und frivol dass er am Schluss den allerheftigsten vom insgesamt st\u00fcrmischen Applaus bekam [\u2026]<\/p><\/blockquote>\n<p><strong>S\u00fcddeutsche Zeitung \u2013 \u201cLa Cenerentola\u201d<\/strong><\/p>\n<blockquote><p>[\u2026] Auch sonst gab es einige wundersame Verfremdungen: Eine der beiden heirats- und machtgeilen Schwestern wird von einem exzellenten Countertenor (Thomas Lichtenecker) gesungen, [\u2026]<\/p><\/blockquote>\n<p><strong>Starnberg \u2013 \u201eIl marito indolente\u201c<\/strong><\/p>\n<blockquote><p>[\u2026] Positiv \u00fcberrascht waren die Opernbesucher aber von den Solisten, jungen S\u00e4ngern mit starken Stimmen, die nicht nur singen konnten, sondern auch darstellerisch \u00fcberzeugten. [\u2026] Sonderapplaus gab es f\u00fcr Thomas Lichtenecker (Leutnant). Kein bisschen hauchig oder gequetscht klang seine volle und klare Counterstimme, die auch im Duett mit den weiblichen Sopranistinnen bestand. [\u2026]<\/p><\/blockquote>\n<p><strong>Burgzeitschrift \u201eBurgfestspiele Dreieichenhain\u201c \u2013 \u201eDie diebische Elster\u201c<\/strong><\/p>\n<blockquote><p>[\u2026] Weitere Glanzpunkte setzt [\u2026] vor allem Thomas Lichtenecker, der in der Rolle des Jungen Pippo mit seinem glasklaren (Counter-) Tenor das Publikum auf seiner Seite hat. [\u2026]<\/p><\/blockquote>\n<p><strong>freiepresse.de \u2013 \u201eAlcina\u201c<\/strong><\/p>\n<blockquote><p>[\u2026] Darstellerisch gibt es in der Oper einen Helden, der wie alle anderen an sich selbst scheitert, nur ihm nimmt man das bedingungslos auch ab: Thomas Lichtenecker als Bradamante ist authentisch, der Countertenor r\u00fchrt zu Tr\u00e4nen. [\u2026]<\/p><\/blockquote>\n<p><strong>M\u00fcnchner Merkur \u2013 \u201eDie diebische Elster&#8220;<\/strong><\/p>\n<blockquote><p>[\u2026] In diesem krausen Opernkrimi gibt es ein Duett zwischen Ninetta und Pippo, einem ihrer hoffnungslosen Verehrer, hier gesungen von dem Countertenor Thomas Lichtenecker, der so viel W\u00e4rme und Entt\u00e4uschung in seinen Part legt, dass dieses Duett der H\u00f6hepunkt des Abends wurde. Lichtenecker wurde denn auch mit dem st\u00e4rksten Schlussapplaus belohnt. Es ist immer wieder \u00fcberraschend, wie genau und auf die Phonzahl richtig das Publikum in seiner Gesamtheit S\u00e4ngerleistungen beurteilen kann. [\u2026]<\/p><\/blockquote>\n<p><strong>S\u00fcddeutsche Zeitung \u2013 \u201eDie lustigen Nibelungen\u201c<\/strong><\/p>\n<blockquote><p>[\u2026] und Thomas Lichtenecker ist die Sensation, ein schauspielerisches und stimmliches Juwel. [\u2026]<\/p><\/blockquote>\n<p><strong>Der neue Merker \u2013 \u201eIl serpente del bronzo\u201c<\/strong><\/p>\n<blockquote><p>[\u2026] Gerechterweise standen in der Publikumsgunst am h\u00f6chsten Egla\/Adrineh Simonian\/Mezzo, von der Volksoper her recht positiv bekannt und er, der noch sehr junge Namuel\/Thomas Lichtenecker\/Countertenor mit einem auffallend sch\u00f6nen Timbre und mit ganz ausgezeichneter Technik. Er hat sicher gro\u00dfes Potential f\u00fcr die Zukunft, wenn er in seiner Entwicklung den richtigen Weg findet. Die beiden haben auch das bereits erw\u00e4hnte Duett in gro\u00dfer Vollkommenheit gesungen. Das Publikum was sehr stark begeistert, was sich im Beifall deutlich zeigte. Aber zudem mit vielen Bravos bedacht wurden Simonian und Lichtenecker. [\u2026]<\/p><\/blockquote>\n<\/div><\/div><\/div><\/div><\/div>\n","protected":false},"excerpt":{"rendered":"","protected":false},"author":1,"featured_media":6570,"parent":0,"menu_order":0,"comment_status":"closed","ping_status":"closed","template":"100-width.php","meta":{"footnotes":""},"class_list":["post-6252","page","type-page","status-publish","has-post-thumbnail","hentry"],"_links":{"self":[{"href":"https:\/\/thomaslichtenecker.com\/de\/wp-json\/wp\/v2\/pages\/6252","targetHints":{"allow":["GET"]}}],"collection":[{"href":"https:\/\/thomaslichtenecker.com\/de\/wp-json\/wp\/v2\/pages"}],"about":[{"href":"https:\/\/thomaslichtenecker.com\/de\/wp-json\/wp\/v2\/types\/page"}],"author":[{"embeddable":true,"href":"https:\/\/thomaslichtenecker.com\/de\/wp-json\/wp\/v2\/users\/1"}],"replies":[{"embeddable":true,"href":"https:\/\/thomaslichtenecker.com\/de\/wp-json\/wp\/v2\/comments?post=6252"}],"version-history":[{"count":25,"href":"https:\/\/thomaslichtenecker.com\/de\/wp-json\/wp\/v2\/pages\/6252\/revisions"}],"predecessor-version":[{"id":6677,"href":"https:\/\/thomaslichtenecker.com\/de\/wp-json\/wp\/v2\/pages\/6252\/revisions\/6677"}],"wp:featuredmedia":[{"embeddable":true,"href":"https:\/\/thomaslichtenecker.com\/de\/wp-json\/wp\/v2\/media\/6570"}],"wp:attachment":[{"href":"https:\/\/thomaslichtenecker.com\/de\/wp-json\/wp\/v2\/media?parent=6252"}],"curies":[{"name":"wp","href":"https:\/\/api.w.org\/{rel}","templated":true}]}}